{"id":52,"date":"2026-08-26T17:27:31","date_gmt":"2026-08-26T17:27:31","guid":{"rendered":"https:\/\/wordpress.ft.unicamp.br\/consulta\/?page_id=52"},"modified":"2026-09-04T14:41:42","modified_gmt":"2026-09-04T14:41:42","slug":"marta-siviero-guilherme-pires","status":"publish","type":"page","link":"https:\/\/wordpress.ft.unicamp.br\/consulta\/marta-siviero-guilherme-pires\/","title":{"rendered":"Marta &amp; Ivan"},"content":{"rendered":"\n<div class=\"wp-block-group\"><div class=\"wp-block-group__inner-container is-layout-constrained wp-block-group-is-layout-constrained\">\n<div class=\"wp-block-media-text alignwide is-stacked-on-mobile\"><figure class=\"wp-block-media-text__media\"><img fetchpriority=\"high\" decoding=\"async\" width=\"408\" height=\"400\" src=\"https:\/\/wordpress.ft.unicamp.br\/consulta\/wp-content\/uploads\/sites\/98\/2026\/08\/image.png\" alt=\"\" class=\"wp-image-53 size-full\" srcset=\"https:\/\/wordpress.ft.unicamp.br\/consulta\/wp-content\/uploads\/sites\/98\/2026\/08\/image.png 408w, https:\/\/wordpress.ft.unicamp.br\/consulta\/wp-content\/uploads\/sites\/98\/2026\/08\/image-300x294.png 300w, https:\/\/wordpress.ft.unicamp.br\/consulta\/wp-content\/uploads\/sites\/98\/2026\/08\/image-73x73.png 73w\" sizes=\"(max-width: 408px) 100vw, 408px\" \/><\/figure><div class=\"wp-block-media-text__content\">\n<p class=\"wp-block-paragraph\"><strong>Diretora &#8211; Marta Siviero Guilherme Pires<\/strong><\/p>\n\n\n\n<p class=\"wp-block-paragraph\"><br>Bi\u00f3loga formada pela USP, doutora em Engenharia Civil pela Unicamp. Atualmente \u00e9 Professora Livre Docente MS 5.1 da Faculdade de Tecnologia na \u00e1rea Ambiental.<br><\/p>\n\n\n\n<p class=\"wp-block-paragraph\">Ao longo da minha carreira na Faculdade de Tecnologia desenvolvi diferentes atividades administrativas como: Coordena\u00e7\u00e3o (2021\/2022 e 2025\/atual) e Coordena\u00e7\u00e3o Associada de Gradua\u00e7\u00e3o (2014 e 2019\/2020), e ligada \u00e0 essas coordena\u00e7\u00f5es atuei como membro titular da Comiss\u00e3o Geral de Gradua\u00e7\u00e3o (CCG), presidente e membro da Comiss\u00e3o de Gradua\u00e7\u00e3o de Ambiental, membro nato da Congrega\u00e7\u00e3o da FT, presidente e membro do N\u00facleo Docente Estruturante (NDE) de Ambiental, al\u00e9m de ter participado como titular das comiss\u00f5es de p\u00f3s-gradua\u00e7\u00e3o e extens\u00e3o da FT, FAEPEX e diversas outras.<\/p>\n<\/div><\/div>\n<\/div><\/div>\n\n\n\n<p class=\"wp-block-paragraph\"><\/p>\n\n\n\n<p class=\"wp-block-paragraph\"><\/p>\n\n\n\n<div class=\"wp-block-media-text is-stacked-on-mobile\"><figure class=\"wp-block-media-text__media\"><img decoding=\"async\" width=\"418\" height=\"479\" src=\"https:\/\/wordpress.ft.unicamp.br\/consulta\/wp-content\/uploads\/sites\/98\/2026\/08\/image-1.png\" alt=\"\" class=\"wp-image-54 size-full\" srcset=\"https:\/\/wordpress.ft.unicamp.br\/consulta\/wp-content\/uploads\/sites\/98\/2026\/08\/image-1.png 418w, https:\/\/wordpress.ft.unicamp.br\/consulta\/wp-content\/uploads\/sites\/98\/2026\/08\/image-1-262x300.png 262w\" sizes=\"(max-width: 418px) 100vw, 418px\" \/><\/figure><div class=\"wp-block-media-text__content\">\n<p class=\"wp-block-paragraph\"><strong>Diretor Associado &#8211; Ivan de Oliveira&nbsp;<\/strong><\/p>\n\n\n\n<p class=\"wp-block-paragraph\">Bacharel em F\u00edsica pela UNESP\/Rio Claro, mestre e doutor em F\u00edsica pelo IFGW\/Unicamp. Atualmente \u00e9 Professor Livre Docente MS 5.2 da Faculdade de Tecnologia na \u00e1rea de Telecomunica\u00e7\u00f5es.<\/p>\n\n\n\n<p class=\"wp-block-paragraph\">Desde meu ingresso em 2006, venho contribuindo para a gest\u00e3o administrativa da Faculdade de Tecnologia. Ao longo desse per\u00edodo, participei de diversas comiss\u00f5es, incluindo gradua\u00e7\u00e3o, pesquisa, p\u00f3s-gradua\u00e7\u00e3o e extens\u00e3o. Exerci a fun\u00e7\u00e3o de coordenador de p\u00f3s-gradua\u00e7\u00e3o nos bi\u00eanios 2015\u20132017 e 2018\u20132019. Na gradua\u00e7\u00e3o, atuei como coordenador associado do curso de Engenharia de Telecomunica\u00e7\u00f5es entre 2024\/25 e, desde 2025, desempenho a fun\u00e7\u00e3o de coordenador desse curso.<\/p>\n<\/div><\/div>\n\n\n\n<p class=\"wp-block-paragraph\"><\/p>\n\n\n\n<p class=\"has-medium-font-size wp-block-paragraph\">Mais informa\u00e7\u00f5es em <a href=\"https:\/\/sites.google.com\/unicamp.br\/martaeivan\">https:\/\/sites.google.com\/unicamp.br\/martaeivan<\/a><\/p>\n\n\n<div class=\"wp-block-image\">\n<figure class=\"aligncenter size-full is-resized\"><a href=\"https:\/\/sites.google.com\/unicamp.br\/martaeivan\"><img decoding=\"async\" width=\"941\" height=\"968\" src=\"https:\/\/wordpress.ft.unicamp.br\/consulta\/wp-content\/uploads\/sites\/98\/2026\/09\/image.png\" alt=\"\" class=\"wp-image-128\" style=\"aspect-ratio:0.9721097369901028;width:295px;height:auto\" srcset=\"https:\/\/wordpress.ft.unicamp.br\/consulta\/wp-content\/uploads\/sites\/98\/2026\/09\/image.png 941w, https:\/\/wordpress.ft.unicamp.br\/consulta\/wp-content\/uploads\/sites\/98\/2026\/09\/image-292x300.png 292w, https:\/\/wordpress.ft.unicamp.br\/consulta\/wp-content\/uploads\/sites\/98\/2026\/09\/image-768x790.png 768w\" sizes=\"(max-width: 941px) 100vw, 941px\" \/><\/a><\/figure>\n<\/div>\n\n\n<p class=\"wp-block-paragraph\"><\/p>\n","protected":false},"excerpt":{"rendered":"<p>Diretora &#8211; Marta Siviero Guilherme Pires Bi\u00f3loga formada pela USP, doutora em Engenharia Civil pela Unicamp. Atualmente \u00e9 Professora Livre Docente MS 5.1 da Faculdade de Tecnologia na \u00e1rea Ambiental. Ao longo da minha carreira na Faculdade de Tecnologia desenvolvi diferentes atividades administrativas como: Coordena\u00e7\u00e3o (2021\/2022 e 2025\/atual) e Coordena\u00e7\u00e3o Associada de Gradua\u00e7\u00e3o (2014 e<a href=\"https:\/\/wordpress.ft.unicamp.br\/consulta\/marta-siviero-guilherme-pires\/\">[&#8230;]<\/a><\/p>\n","protected":false},"author":2,"featured_media":0,"parent":0,"menu_order":0,"comment_status":"closed","ping_status":"closed","template":"","meta":{"footnotes":""},"class_list":["post-52","page","type-page","status-publish","hentry"],"yoast_head":"<!-- This site is optimized with the Yoast SEO plugin v28.4 - https:\/\/yoast.com\/product\/yoast-seo-wordpress\/ -->\n<title>Marta &amp; Ivan - Consulta Dire\u00e7\u00e3o FT<\/title>\n<meta name=\"robots\" content=\"index, follow, max-snippet:-1, max-image-preview:large, max-video-preview:-1\" \/>\n<link rel=\"canonical\" href=\"https:\/\/wordpress.ft.unicamp.br\/consulta\/marta-siviero-guilherme-pires\/\" \/>\n<meta property=\"og:locale\" content=\"pt_BR\" \/>\n<meta property=\"og:type\" content=\"article\" \/>\n<meta property=\"og:title\" content=\"Marta &amp; Ivan - Consulta Dire\u00e7\u00e3o FT\" \/>\n<meta property=\"og:description\" content=\"Diretora &#8211; Marta Siviero Guilherme Pires Bi\u00f3loga formada pela USP, doutora em Engenharia Civil pela Unicamp. Atualmente \u00e9 Professora Livre Docente MS 5.1 da Faculdade de Tecnologia na \u00e1rea Ambiental. Ao longo da minha carreira na Faculdade de Tecnologia desenvolvi diferentes atividades administrativas como: Coordena\u00e7\u00e3o (2021\/2022 e 2025\/atual) e Coordena\u00e7\u00e3o Associada de Gradua\u00e7\u00e3o (2014 e[...]\" \/>\n<meta property=\"og:url\" content=\"https:\/\/wordpress.ft.unicamp.br\/consulta\/marta-siviero-guilherme-pires\/\" \/>\n<meta property=\"og:site_name\" content=\"Consulta Dire\u00e7\u00e3o FT\" \/>\n<meta property=\"article:modified_time\" content=\"2026-09-04T14:41:42+00:00\" \/>\n<meta property=\"og:image\" content=\"https:\/\/wordpress.ft.unicamp.br\/consulta\/wp-content\/uploads\/sites\/98\/2026\/08\/image.png\" \/>\n\t<meta property=\"og:image:width\" content=\"408\" \/>\n\t<meta property=\"og:image:height\" content=\"400\" \/>\n\t<meta property=\"og:image:type\" content=\"image\/png\" \/>\n<meta name=\"twitter:card\" content=\"summary_large_image\" \/>\n<meta name=\"twitter:label1\" content=\"Est. tempo de leitura\" \/>\n\t<meta name=\"twitter:data1\" content=\"2 minutos\" \/>\n<script type=\"application\/ld+json\" class=\"yoast-schema-graph\">{\"@context\":\"https:\\\/\\\/schema.org\",\"@graph\":[{\"@type\":\"WebPage\",\"@id\":\"https:\\\/\\\/wordpress.ft.unicamp.br\\\/consulta\\\/marta-siviero-guilherme-pires\\\/\",\"url\":\"https:\\\/\\\/wordpress.ft.unicamp.br\\\/consulta\\\/marta-siviero-guilherme-pires\\\/\",\"name\":\"Marta &amp; Ivan - Consulta Dire\u00e7\u00e3o FT\",\"isPartOf\":{\"@id\":\"https:\\\/\\\/wordpress.ft.unicamp.br\\\/consulta\\\/#website\"},\"primaryImageOfPage\":{\"@id\":\"https:\\\/\\\/wordpress.ft.unicamp.br\\\/consulta\\\/marta-siviero-guilherme-pires\\\/#primaryimage\"},\"image\":{\"@id\":\"https:\\\/\\\/wordpress.ft.unicamp.br\\\/consulta\\\/marta-siviero-guilherme-pires\\\/#primaryimage\"},\"thumbnailUrl\":\"https:\\\/\\\/wordpress.ft.unicamp.br\\\/consulta\\\/wp-content\\\/uploads\\\/sites\\\/98\\\/2026\\\/08\\\/image.png\",\"datePublished\":\"2026-08-26T17:27:31+00:00\",\"dateModified\":\"2026-09-04T14:41:42+00:00\",\"breadcrumb\":{\"@id\":\"https:\\\/\\\/wordpress.ft.unicamp.br\\\/consulta\\\/marta-siviero-guilherme-pires\\\/#breadcrumb\"},\"inLanguage\":\"pt-BR\",\"potentialAction\":[{\"@type\":\"ReadAction\",\"target\":[\"https:\\\/\\\/wordpress.ft.unicamp.br\\\/consulta\\\/marta-siviero-guilherme-pires\\\/\"]}]},{\"@type\":\"ImageObject\",\"inLanguage\":\"pt-BR\",\"@id\":\"https:\\\/\\\/wordpress.ft.unicamp.br\\\/consulta\\\/marta-siviero-guilherme-pires\\\/#primaryimage\",\"url\":\"https:\\\/\\\/wordpress.ft.unicamp.br\\\/consulta\\\/wp-content\\\/uploads\\\/sites\\\/98\\\/2026\\\/08\\\/image.png\",\"contentUrl\":\"https:\\\/\\\/wordpress.ft.unicamp.br\\\/consulta\\\/wp-content\\\/uploads\\\/sites\\\/98\\\/2026\\\/08\\\/image.png\",\"width\":408,\"height\":400},{\"@type\":\"BreadcrumbList\",\"@id\":\"https:\\\/\\\/wordpress.ft.unicamp.br\\\/consulta\\\/marta-siviero-guilherme-pires\\\/#breadcrumb\",\"itemListElement\":[{\"@type\":\"ListItem\",\"position\":1,\"name\":\"Home\",\"item\":\"https:\\\/\\\/wordpress.ft.unicamp.br\\\/consulta\\\/\"},{\"@type\":\"ListItem\",\"position\":2,\"name\":\"Marta &amp; Ivan\"}]},{\"@type\":\"WebSite\",\"@id\":\"https:\\\/\\\/wordpress.ft.unicamp.br\\\/consulta\\\/#website\",\"url\":\"https:\\\/\\\/wordpress.ft.unicamp.br\\\/consulta\\\/\",\"name\":\"Consulta Dire\u00e7\u00e3o FT\",\"description\":\"Consulta \u00e0 Comunidade para Indica\u00e7\u00e3o do Diretor da Faculdade de Tecnologia  Quadri\u00eanio 2027 a 2030\",\"publisher\":{\"@id\":\"https:\\\/\\\/wordpress.ft.unicamp.br\\\/consulta\\\/#organization\"},\"potentialAction\":[{\"@type\":\"SearchAction\",\"target\":{\"@type\":\"EntryPoint\",\"urlTemplate\":\"https:\\\/\\\/wordpress.ft.unicamp.br\\\/consulta\\\/?s={search_term_string}\"},\"query-input\":{\"@type\":\"PropertyValueSpecification\",\"valueRequired\":true,\"valueName\":\"search_term_string\"}}],\"inLanguage\":\"pt-BR\"},{\"@type\":\"Organization\",\"@id\":\"https:\\\/\\\/wordpress.ft.unicamp.br\\\/consulta\\\/#organization\",\"name\":\"Consulta Dire\u00e7\u00e3o FT\",\"url\":\"https:\\\/\\\/wordpress.ft.unicamp.br\\\/consulta\\\/\",\"logo\":{\"@type\":\"ImageObject\",\"inLanguage\":\"pt-BR\",\"@id\":\"https:\\\/\\\/wordpress.ft.unicamp.br\\\/consulta\\\/#\\\/schema\\\/logo\\\/image\\\/\",\"url\":\"https:\\\/\\\/wordpress.ft.unicamp.br\\\/consulta\\\/wp-content\\\/uploads\\\/sites\\\/98\\\/2026\\\/08\\\/af-logo-ft-principal-horizontal-principal.png\",\"contentUrl\":\"https:\\\/\\\/wordpress.ft.unicamp.br\\\/consulta\\\/wp-content\\\/uploads\\\/sites\\\/98\\\/2026\\\/08\\\/af-logo-ft-principal-horizontal-principal.png\",\"width\":1000,\"height\":229,\"caption\":\"Consulta Dire\u00e7\u00e3o FT\"},\"image\":{\"@id\":\"https:\\\/\\\/wordpress.ft.unicamp.br\\\/consulta\\\/#\\\/schema\\\/logo\\\/image\\\/\"}}]}<\/script>\n<!-- \/ Yoast SEO plugin. -->","yoast_head_json":{"title":"Marta &amp; Ivan - Consulta Dire\u00e7\u00e3o FT","robots":{"index":"index","follow":"follow","max-snippet":"max-snippet:-1","max-image-preview":"max-image-preview:large","max-video-preview":"max-video-preview:-1"},"canonical":"https:\/\/wordpress.ft.unicamp.br\/consulta\/marta-siviero-guilherme-pires\/","og_locale":"pt_BR","og_type":"article","og_title":"Marta &amp; Ivan - Consulta Dire\u00e7\u00e3o FT","og_description":"Diretora &#8211; Marta Siviero Guilherme Pires Bi\u00f3loga formada pela USP, doutora em Engenharia Civil pela Unicamp. Atualmente \u00e9 Professora Livre Docente MS 5.1 da Faculdade de Tecnologia na \u00e1rea Ambiental. Ao longo da minha carreira na Faculdade de Tecnologia desenvolvi diferentes atividades administrativas como: Coordena\u00e7\u00e3o (2021\/2022 e 2025\/atual) e Coordena\u00e7\u00e3o Associada de Gradua\u00e7\u00e3o (2014 e[...]","og_url":"https:\/\/wordpress.ft.unicamp.br\/consulta\/marta-siviero-guilherme-pires\/","og_site_name":"Consulta Dire\u00e7\u00e3o FT","article_modified_time":"2026-09-04T14:41:42+00:00","og_image":[{"width":408,"height":400,"url":"https:\/\/wordpress.ft.unicamp.br\/consulta\/wp-content\/uploads\/sites\/98\/2026\/08\/image.png","type":"image\/png"}],"twitter_card":"summary_large_image","twitter_misc":{"Est. tempo de leitura":"2 minutos"},"schema":{"@context":"https:\/\/schema.org","@graph":[{"@type":"WebPage","@id":"https:\/\/wordpress.ft.unicamp.br\/consulta\/marta-siviero-guilherme-pires\/","url":"https:\/\/wordpress.ft.unicamp.br\/consulta\/marta-siviero-guilherme-pires\/","name":"Marta &amp; Ivan - Consulta Dire\u00e7\u00e3o FT","isPartOf":{"@id":"https:\/\/wordpress.ft.unicamp.br\/consulta\/#website"},"primaryImageOfPage":{"@id":"https:\/\/wordpress.ft.unicamp.br\/consulta\/marta-siviero-guilherme-pires\/#primaryimage"},"image":{"@id":"https:\/\/wordpress.ft.unicamp.br\/consulta\/marta-siviero-guilherme-pires\/#primaryimage"},"thumbnailUrl":"https:\/\/wordpress.ft.unicamp.br\/consulta\/wp-content\/uploads\/sites\/98\/2026\/08\/image.png","datePublished":"2026-08-26T17:27:31+00:00","dateModified":"2026-09-04T14:41:42+00:00","breadcrumb":{"@id":"https:\/\/wordpress.ft.unicamp.br\/consulta\/marta-siviero-guilherme-pires\/#breadcrumb"},"inLanguage":"pt-BR","potentialAction":[{"@type":"ReadAction","target":["https:\/\/wordpress.ft.unicamp.br\/consulta\/marta-siviero-guilherme-pires\/"]}]},{"@type":"ImageObject","inLanguage":"pt-BR","@id":"https:\/\/wordpress.ft.unicamp.br\/consulta\/marta-siviero-guilherme-pires\/#primaryimage","url":"https:\/\/wordpress.ft.unicamp.br\/consulta\/wp-content\/uploads\/sites\/98\/2026\/08\/image.png","contentUrl":"https:\/\/wordpress.ft.unicamp.br\/consulta\/wp-content\/uploads\/sites\/98\/2026\/08\/image.png","width":408,"height":400},{"@type":"BreadcrumbList","@id":"https:\/\/wordpress.ft.unicamp.br\/consulta\/marta-siviero-guilherme-pires\/#breadcrumb","itemListElement":[{"@type":"ListItem","position":1,"name":"Home","item":"https:\/\/wordpress.ft.unicamp.br\/consulta\/"},{"@type":"ListItem","position":2,"name":"Marta &amp; Ivan"}]},{"@type":"WebSite","@id":"https:\/\/wordpress.ft.unicamp.br\/consulta\/#website","url":"https:\/\/wordpress.ft.unicamp.br\/consulta\/","name":"Consulta Dire\u00e7\u00e3o FT","description":"Consulta \u00e0 Comunidade para Indica\u00e7\u00e3o do Diretor da Faculdade de Tecnologia  Quadri\u00eanio 2027 a 2030","publisher":{"@id":"https:\/\/wordpress.ft.unicamp.br\/consulta\/#organization"},"potentialAction":[{"@type":"SearchAction","target":{"@type":"EntryPoint","urlTemplate":"https:\/\/wordpress.ft.unicamp.br\/consulta\/?s={search_term_string}"},"query-input":{"@type":"PropertyValueSpecification","valueRequired":true,"valueName":"search_term_string"}}],"inLanguage":"pt-BR"},{"@type":"Organization","@id":"https:\/\/wordpress.ft.unicamp.br\/consulta\/#organization","name":"Consulta Dire\u00e7\u00e3o FT","url":"https:\/\/wordpress.ft.unicamp.br\/consulta\/","logo":{"@type":"ImageObject","inLanguage":"pt-BR","@id":"https:\/\/wordpress.ft.unicamp.br\/consulta\/#\/schema\/logo\/image\/","url":"https:\/\/wordpress.ft.unicamp.br\/consulta\/wp-content\/uploads\/sites\/98\/2026\/08\/af-logo-ft-principal-horizontal-principal.png","contentUrl":"https:\/\/wordpress.ft.unicamp.br\/consulta\/wp-content\/uploads\/sites\/98\/2026\/08\/af-logo-ft-principal-horizontal-principal.png","width":1000,"height":229,"caption":"Consulta Dire\u00e7\u00e3o FT"},"image":{"@id":"https:\/\/wordpress.ft.unicamp.br\/consulta\/#\/schema\/logo\/image\/"}}]}},"_links":{"self":[{"href":"https:\/\/wordpress.ft.unicamp.br\/consulta\/wp-json\/wp\/v2\/pages\/52","targetHints":{"allow":["GET"]}}],"collection":[{"href":"https:\/\/wordpress.ft.unicamp.br\/consulta\/wp-json\/wp\/v2\/pages"}],"about":[{"href":"https:\/\/wordpress.ft.unicamp.br\/consulta\/wp-json\/wp\/v2\/types\/page"}],"author":[{"embeddable":true,"href":"https:\/\/wordpress.ft.unicamp.br\/consulta\/wp-json\/wp\/v2\/users\/2"}],"replies":[{"embeddable":true,"href":"https:\/\/wordpress.ft.unicamp.br\/consulta\/wp-json\/wp\/v2\/comments?post=52"}],"version-history":[{"count":20,"href":"https:\/\/wordpress.ft.unicamp.br\/consulta\/wp-json\/wp\/v2\/pages\/52\/revisions"}],"predecessor-version":[{"id":131,"href":"https:\/\/wordpress.ft.unicamp.br\/consulta\/wp-json\/wp\/v2\/pages\/52\/revisions\/131"}],"wp:attachment":[{"href":"https:\/\/wordpress.ft.unicamp.br\/consulta\/wp-json\/wp\/v2\/media?parent=52"}],"curies":[{"name":"wp","href":"https:\/\/api.w.org\/{rel}","templated":true}]}}