{"id":67,"date":"2026-08-26T17:37:07","date_gmt":"2026-08-26T17:37:07","guid":{"rendered":"https:\/\/wordpress.ft.unicamp.br\/consulta\/?page_id=67"},"modified":"2026-08-26T19:26:27","modified_gmt":"2026-08-26T19:26:27","slug":"carmenlucia-vitor","status":"publish","type":"page","link":"https:\/\/wordpress.ft.unicamp.br\/consulta\/carmenlucia-vitor\/","title":{"rendered":"Carmenlucia &amp; Vitor"},"content":{"rendered":"\n<p class=\"has-text-align-center has-medium-font-size wp-block-paragraph\"><em><strong>Experi\u00eancia para avan\u00e7ar&#8230;<\/strong><\/em><\/p>\n\n\n\n<p class=\"wp-block-paragraph\">Em 2029, a Faculdade de Tecnologia (FT) celebrar\u00e1 duas d\u00e9cadas de uma trajet\u00f3ria marcada por crescimento, inova\u00e7\u00e3o e excel\u00eancia acad\u00eamica. Desde a sua cria\u00e7\u00e3o, com a transforma\u00e7\u00e3o do Centro Superior de Educa\u00e7\u00e3o Tecnol\u00f3gica (CESET) em uma Unidade de Ensino, Pesquisa e Extens\u00e3o da Unicamp, a FT consolidou-se como uma institui\u00e7\u00e3o de refer\u00eancia, ampliando de forma significativa suas atividades e seu quadro de funcion\u00e1rios.<\/p>\n\n\n\n<p class=\"wp-block-paragraph\">Ao longo desses anos, foram criados novos cursos de gradua\u00e7\u00e3o, foi implantado o Programa de P\u00f3s-Gradua\u00e7\u00e3o e a Coordena\u00e7\u00e3o de Pesquisa, levando a aumentos expressivos na produ\u00e7\u00e3o cient\u00edfica e na capta\u00e7\u00e3o de recursos para pesquisa, bem como \u00e0 expans\u00e3o das atividades de extens\u00e3o. Esses avan\u00e7os s\u00e3o resultado do empenho e da dedica\u00e7\u00e3o de docentes, pesquisadores, funcion\u00e1rios t\u00e9cnico administrativos e estudantes, aliados ao trabalho de gest\u00f5es comprometidas com o desenvolvimento institucional.<\/p>\n\n\n\n<p class=\"wp-block-paragraph\">Na FT de hoje, n\u00f3s, <strong>Carmen<\/strong> e <strong>Vitor<\/strong>, unimos nossos esfor\u00e7os, nossa maturidade e nossas experi\u00eancias para dar continuidade ao trabalho constru\u00eddo por aqueles que nos antecederam, e para projetar os pr\u00f3ximos passos de nossa Faculdade, como Diretora e Diretor Associado, respectivamente. Desde nosso ingresso na Unicamp, temos participado ativamente, em diferentes momentos, da gest\u00e3o institucional, acumulando experi\u00eancias em todas as \u00e1reas: Carmen, como <strong>Coordenadora de Extens\u00e3o<\/strong> e de <strong>Gradua\u00e7\u00e3o<\/strong> e <strong>Diretora Associada<\/strong>; e Vitor, como <strong>Coordenador de Pesquisa<\/strong> e <strong>P\u00f3s-Gradua\u00e7\u00e3o<\/strong>. Essa trajet\u00f3ria nos permitiu conhecer de perto os desafios, as conquistas e as potencialidades da FT, e nos prepara para assumir, com responsabilidade e entusiasmo, o compromisso de conduzir a Faculdade nos pr\u00f3ximos anos.<\/p>\n\n\n\n<div class=\"wp-block-columns is-layout-flex wp-container-core-columns-is-layout-8f761849 wp-block-columns-is-layout-flex\">\n<div class=\"wp-block-column has-pale-cyan-blue-background-color has-background is-layout-flow wp-block-column-is-layout-flow\" style=\"letter-spacing:0px\">\n<p class=\"wp-block-paragraph\"><\/p>\n\n\n\n<p class=\"has-text-align-center wp-block-paragraph\">\u201c<em>Essa candidatura nasce da uni\u00e3o de nossas experi\u00eancias em gest\u00e3o na FT e do sonho de construir, juntos, uma faculdade cada vez mais integrada, participativa e comprometida com a efici\u00eancia e a excel\u00eancia no ensino, na pesquisa, na extens\u00e3o e na gest\u00e3o institucional. Uma faculdade que tenha, como alicerces fundamentais, o respeito, a valoriza\u00e7\u00e3o das pessoas e o reconhecimento de que s\u00e3o elas que constroem, todos os dias, a nossa institui\u00e7\u00e3o.\u201d<\/em><\/p>\n<\/div>\n<\/div>\n\n\n\n<p class=\"wp-block-paragraph\">Nossa proposta \u00e9 exercer, na Dire\u00e7\u00e3o da FT, uma gest\u00e3o orientada por Princ\u00edpios e Valores, apoiada no <strong>di\u00e1logo<\/strong>, na <strong>colabora\u00e7\u00e3o<\/strong> e no <strong>planejamento<\/strong> (Figura 1), atuando como facilitadores dos processos institucionais e criando as condi\u00e7\u00f5es necess\u00e1rias para que estudantes, docentes e servidores t\u00e9cnico-administrativos possam desenvolver suas atividades e participar ativamente da constru\u00e7\u00e3o de uma Faculdade cada vez mais aut\u00f4noma, eficiente, acolhedora e comprometida com a excel\u00eancia.<\/p>\n\n\n\n<figure class=\"wp-block-image size-large\"><img fetchpriority=\"high\" decoding=\"async\" width=\"1024\" height=\"682\" src=\"https:\/\/wordpress.ft.unicamp.br\/consulta\/wp-content\/uploads\/sites\/98\/2026\/08\/image-2-1024x682.png\" alt=\"\" class=\"wp-image-72\" srcset=\"https:\/\/wordpress.ft.unicamp.br\/consulta\/wp-content\/uploads\/sites\/98\/2026\/08\/image-2-1024x682.png 1024w, https:\/\/wordpress.ft.unicamp.br\/consulta\/wp-content\/uploads\/sites\/98\/2026\/08\/image-2-300x200.png 300w, https:\/\/wordpress.ft.unicamp.br\/consulta\/wp-content\/uploads\/sites\/98\/2026\/08\/image-2-768x512.png 768w, https:\/\/wordpress.ft.unicamp.br\/consulta\/wp-content\/uploads\/sites\/98\/2026\/08\/image-2-750x500.png 750w, https:\/\/wordpress.ft.unicamp.br\/consulta\/wp-content\/uploads\/sites\/98\/2026\/08\/image-2.png 1073w\" sizes=\"(max-width: 1024px) 100vw, 1024px\" \/><figcaption class=\"wp-element-caption\">Figura 1. Princ\u00edpios e valores da nossa gest\u00e3o.<\/figcaption><\/figure>\n\n\n\n<p class=\"wp-block-paragraph\"><\/p>\n\n\n\n<p class=\"wp-block-paragraph\">Entendemos que uma gest\u00e3o eficaz deve apoiar as pessoas, remover obst\u00e1culos e promover um ambiente favor\u00e1vel ao ensino, \u00e0 pesquisa, \u00e0 extens\u00e3o e \u00e0 inova\u00e7\u00e3o.<\/p>\n\n\n\n<p class=\"wp-block-paragraph\">Em breve consolidaremos nosso Plano de Gest\u00e3o, que est\u00e1 estruturado nos seguintes eixos:<\/p>\n\n\n\n<p class=\"wp-block-paragraph\">1.&nbsp;&nbsp;&nbsp;Comunica\u00e7\u00e3o Institucional e Orienta\u00e7\u00e3o \u00e0 Comunidade<\/p>\n\n\n\n<p class=\"wp-block-paragraph\">2.&nbsp;&nbsp;&nbsp;Gest\u00e3o Institucional e de Pessoas<\/p>\n\n\n\n<p class=\"wp-block-paragraph\">3.&nbsp;&nbsp;&nbsp;Direitos Humanos<\/p>\n\n\n\n<p class=\"wp-block-paragraph\">4.&nbsp;&nbsp;&nbsp;Gradua\u00e7\u00e3o<\/p>\n\n\n\n<p class=\"wp-block-paragraph\">5.&nbsp;&nbsp;&nbsp;&nbsp;P\u00f3s-Gradua\u00e7\u00e3o<\/p>\n\n\n\n<p class=\"wp-block-paragraph\">6.&nbsp;&nbsp;&nbsp;Pesquisa<\/p>\n\n\n\n<p class=\"wp-block-paragraph\">7.&nbsp;&nbsp;&nbsp;Extens\u00e3o<\/p>\n\n\n\n<p class=\"wp-block-paragraph\">8.&nbsp;&nbsp;&nbsp;Infraestrutura<\/p>\n\n\n\n<p class=\"wp-block-paragraph\">Acreditamos que um Plano de Gest\u00e3o representa, mais do que um conjunto de propostas, um ponto de partida para uma <strong>constru\u00e7\u00e3o coletiva<\/strong>. Esperamos que ele seja continuamente enriquecido pela comunidade da FT, por meio de novas ideias, sugest\u00f5es e iniciativas que contribuam para tornar nossa Faculdade cada vez mais forte, inovadora e reconhecida.<\/p>\n\n\n\n<p class=\"wp-block-paragraph\">Voc\u00ea pode participar dessa constru\u00e7\u00e3o, indicando seus anseios, expectativas e prioridades neste formul\u00e1rio: <a href=\"https:\/\/forms.gle\/wkZwM6J5N256xEdb6\">https:\/\/forms.gle\/wkZwM6J5N256xEdb6<\/a><\/p>\n\n\n\n<p class=\"has-large-font-size wp-block-paragraph\"><em><strong>Quem Somos<\/strong><\/em><\/p>\n\n\n\n<p class=\"has-text-align-center has-medium-font-size wp-block-paragraph\"><em><strong>Carmenlucia Santos Giordano Penteado<\/strong><\/em><\/p>\n\n\n\n<p class=\"has-text-align-center wp-block-paragraph\"><img decoding=\"async\" width=\"300px\" src=\"https:\/\/wordpress.ft.unicamp.br\/consulta\/wp-content\/uploads\/sites\/98\/2026\/08\/image-4.png\" alt=\"\"><\/p>\n\n\n\n<p class=\"wp-block-paragraph\">Sou engenheira qu\u00edmica formada pela Universidade Federal do Paran\u00e1 (UFPR), mestre em Engenharia Qu\u00edmica pela Universidade Federal de S\u00e3o Carlos (UFSCar) e doutora em Ci\u00eancias da Engenharia Ambiental pela Universidade de S\u00e3o Paulo (USP), com per\u00edodo de doutorado sandu\u00edche na University of Nebraska\u2013Lincoln (UNL), nos Estados Unidos.<\/p>\n\n\n\n<p class=\"wp-block-paragraph\">Atualmente, sou Professora Livre-Docente, e atuo na gradua\u00e7\u00e3o e na p\u00f3s-gradua\u00e7\u00e3o da FT, ministrando disciplinas nas \u00e1reas de Produ\u00e7\u00e3o Mais Limpa e Gerenciamento de Res\u00edduos S\u00f3lidos. Minha trajet\u00f3ria acad\u00eamica \u00e9 pautada pela integra\u00e7\u00e3o entre ensino, pesquisa, extens\u00e3o e gest\u00e3o universit\u00e1ria, com atua\u00e7\u00e3o em pesquisas na \u00e1rea de gest\u00e3o e gerenciamento de res\u00edduos s\u00f3lidos.<\/p>\n\n\n\n<p class=\"wp-block-paragraph\">Exerci a fun\u00e7\u00e3o de Coordenadora de Extens\u00e3o entre 2009 e 2010, participei de tr\u00eas opera\u00e7\u00f5es do Projeto Rondon e desenvolvi diversas a\u00e7\u00f5es extensionistas, reconhecidas com o Pr\u00eamio PROEC de Extens\u00e3o Universit\u00e1ria em 2023. Neste mesmo ano, fui homenageada pela Prefeitura Municipal de Campinas, com o Diploma de M\u00e9rito Socioambiental \u201cPaulo Nogueira Neto\u201d, em reconhecimento \u00e0 minha contribui\u00e7\u00e3o para as quest\u00f5es socioambientais, no \u00e2mbito da Semana Municipal do Meio Ambiente.<\/p>\n\n\n\n<p class=\"wp-block-paragraph\">No ensino, recebi o Pr\u00eamio de Reconhecimento Docente pela Dedica\u00e7\u00e3o ao Ensino de Gradua\u00e7\u00e3o em 2021, distin\u00e7\u00e3o que representa o compromisso permanente com a forma\u00e7\u00e3o de qualidade de nossos estudantes.<\/p>\n\n\n\n<p class=\"wp-block-paragraph\">Minha experi\u00eancia em gest\u00e3o acad\u00eamica iniciou-se na Coordena\u00e7\u00e3o de Gradua\u00e7\u00e3o, entre 2011 e 2013, per\u00edodo em que me dediquei profundamente na cria\u00e7\u00e3o do Curso de Engenharia Ambiental, tendo sido sua primeira coordenadora. Posteriormente, coordenei novamente esse curso, entre 2015 e 2018, conduzindo etapas importantes de sua consolida\u00e7\u00e3o, incluindo o reconhecimento junto ao Conselho Estadual de Educa\u00e7\u00e3o.<\/p>\n\n\n\n<p class=\"wp-block-paragraph\">Desde 2023, exer\u00e7o a fun\u00e7\u00e3o de Diretora Associada da FT, participando ativamente da administra\u00e7\u00e3o da Unidade e de diferentes comiss\u00f5es e \u00f3rg\u00e3os colegiados da Faculdade e da Universidade. Essa viv\u00eancia ampliou minha compreens\u00e3o dos desafios institucionais, fortaleceu minha capacidade de gest\u00e3o e proporcionou uma vis\u00e3o integrada das diferentes dimens\u00f5es que sustentam uma universidade p\u00fablica de excel\u00eancia.<\/p>\n\n\n\n<p class=\"wp-block-paragraph\">Essa trajet\u00f3ria, constru\u00edda ao longo de anos de dedica\u00e7\u00e3o \u00e0 UNICAMP e \u00e0 Faculdade de Tecnologia, permitiu conhecer de perto as potencialidades da nossa Unidade, bem como os desafios que ainda precisam ser enfrentados. Tamb\u00e9m refor\u00e7ou a convic\u00e7\u00e3o de que a constru\u00e7\u00e3o de solu\u00e7\u00f5es duradouras depende do di\u00e1logo permanente, da participa\u00e7\u00e3o da comunidade, do planejamento e da gest\u00e3o compartilhada.<\/p>\n\n\n\n<p class=\"wp-block-paragraph\"><\/p>\n\n\n\n<p class=\"has-text-align-center has-medium-font-size wp-block-paragraph\"><em><strong>Vitor Rafael Coluci<\/strong><\/em><\/p>\n\n\n\n<p class=\"has-text-align-center wp-block-paragraph\"><img decoding=\"async\" width=\"150px\" src=\"https:\/\/wordpress.ft.unicamp.br\/consulta\/wp-content\/uploads\/sites\/98\/2026\/08\/image-3.png\" alt=\"\"><\/p>\n\n\n\n<p class=\"wp-block-paragraph\">Sou f\u00edsico formado pela UNICAMP, onde tamb\u00e9m realizei meu mestrado e doutorado, com est\u00e1gio na Universidade do Texas\/Dallas\u2013EUA. Sou professor titular na FT, onde leciono disciplinas de gradua\u00e7\u00e3o nas \u00e1reas de F\u00edsica e Matem\u00e1tica e de Escrita Acad\u00eamica na p\u00f3s-gradua\u00e7\u00e3o. Trabalho com pesquisa na \u00e1rea de simula\u00e7\u00f5es computacionais de nanomateriais baseados em carbono e na \u00e1rea de Ensino de F\u00edsica.<\/p>\n\n\n\n<p class=\"wp-block-paragraph\">Coordeno o Laborat\u00f3rio de Simula\u00e7\u00e3o e Computa\u00e7\u00e3o de Alto Desempenho&nbsp;onde se encontra um dos equipamentos multiusu\u00e1rios da FT. Coordeno ainda, o Explora, um espa\u00e7o de ensino e aprendizagem para atividades de ensino, pesquisa e extens\u00e3o.&nbsp;<\/p>\n\n\n\n<p class=\"wp-block-paragraph\">Concebi e organizei os&nbsp;<strong>Workshops de Pr\u00e1ticas de Ensino da FT<\/strong>, com o objetivo de fomentar melhorias no ensino. Recebi em 2019 o&nbsp;<strong>Pr\u00eamio de Reconhecimento Docente pela Dedica\u00e7\u00e3o ao Ensino de Gradua\u00e7\u00e3o<\/strong>. Em 2025 e 2026 idealizei e presidi a <strong>Comiss\u00e3o da&nbsp;FT de Portas Abertas<\/strong>, em um esfor\u00e7o conjunto com a Dire\u00e7\u00e3o e Coordena\u00e7\u00f5es de Cursos, para ampliar a divulga\u00e7\u00e3o dos nossos cursos para estudantes de Limeira e regi\u00e3o.<\/p>\n\n\n\n<p class=\"wp-block-paragraph\">Na P\u00f3s-gradua\u00e7\u00e3o, entre 2013 e 2015, atuei como&nbsp;<strong>Coordenador do PPGT<\/strong>. Nesse per\u00edodo,&nbsp;contribu\u00ed para a <strong>cria\u00e7\u00e3o e implementa\u00e7\u00e3o do Programa de&nbsp;Doutorado<\/strong>&nbsp;(2014)&nbsp;e&nbsp;para a eleva\u00e7\u00e3o da nota da Capes do&nbsp;Programa&nbsp;de 3&nbsp;para 4.&nbsp;Idealizei e&nbsp;coordenei a implanta\u00e7\u00e3o do sistema de gerenciamento&nbsp;da p\u00f3s-gradua\u00e7\u00e3o&nbsp;(SGPG), que \u00e9 usado at\u00e9 hoje nos processos seletivos e acompanhamento de bolsistas CAPES e que foi expandido para a gradua\u00e7\u00e3o e usado&nbsp;na submiss\u00e3o dos planos de ensino&nbsp;pelos docentes.&nbsp;Um outro sistema implantado na \u00e9poca foi o <strong>Programa de Avalia\u00e7\u00e3o da P\u00f3s-gradua\u00e7\u00e3o<\/strong> (PAPG), voltado para a avalia\u00e7\u00e3o das disciplinas de p\u00f3s-gradua\u00e7\u00e3o. Ainda como coordenador de p\u00f3s-gradua\u00e7\u00e3o, reestruturei a p\u00e1gina web do PPGT com estrutura que foi mantida at\u00e9 hoje.<\/p>\n\n\n\n<p class=\"wp-block-paragraph\">De 2010 a 2013 fui <strong>Coordenador de Pesquisa<\/strong>, atuando como presidente da rec\u00e9m implementada Comiss\u00e3o de Pesquisa da FT. A\u00e7\u00f5es tomadas na \u00e9poca envolveram o oferecimento de cursos de escrita cient\u00edfica a docentes e alunos, assessoria aos docentes na elabora\u00e7\u00e3o&nbsp;de projetos de pesquisa, assessoria no gerenciamento de reserva t\u00e9cnica de aux\u00edlios e organiza\u00e7\u00e3o&nbsp;de semin\u00e1rios\/col\u00f3quios de pesquisa de pesquisadores externos \u00e0 Unidade.&nbsp;Represento atualmente a FT no <strong>Conselho de Orienta\u00e7\u00e3o FAEPEX<\/strong>&nbsp;e sou membro da <strong>Comiss\u00e3o de Pesquisa da FT<\/strong>.<\/p>\n\n\n\n<p class=\"wp-block-paragraph\">Na <strong>Extens\u00e3o<\/strong>, tenho trabalhado em alguns projetos, dentre eles o&nbsp;projeto <strong>IDEIA<\/strong>&nbsp;voltado para crian\u00e7as com altas habilidades e o projeto&nbsp;<strong>Musicalizando<\/strong>&nbsp;voltado para a popula\u00e7\u00e3o 50+.<\/p>\n\n\n\n<p class=\"wp-block-paragraph\">Tenho participado tamb\u00e9m de v\u00e1rias <strong>comiss\u00f5es administrativas<\/strong> como a da avalia\u00e7\u00e3o de disciplinas, da implementa\u00e7\u00e3o do novo curso de Intelig\u00eancia Artificial e Ci\u00eancia de Dados, do N\u00facleo Docente Estruturante da \u00e1rea de Computa\u00e7\u00e3o, e do Comit\u00ea Local para a Gest\u00e3o de Privacidade e Prote\u00e7\u00e3o de Dados Pessoais.<\/p>\n","protected":false},"excerpt":{"rendered":"<p>Experi\u00eancia para avan\u00e7ar&#8230; Em 2029, a Faculdade de Tecnologia (FT) celebrar\u00e1 duas d\u00e9cadas de uma trajet\u00f3ria marcada por crescimento, inova\u00e7\u00e3o e excel\u00eancia acad\u00eamica. Desde a sua cria\u00e7\u00e3o, com a transforma\u00e7\u00e3o do Centro Superior de Educa\u00e7\u00e3o Tecnol\u00f3gica (CESET) em uma Unidade de Ensino, Pesquisa e Extens\u00e3o da Unicamp, a FT consolidou-se como uma institui\u00e7\u00e3o de refer\u00eancia,<a href=\"https:\/\/wordpress.ft.unicamp.br\/consulta\/carmenlucia-vitor\/\">[&#8230;]<\/a><\/p>\n","protected":false},"author":2,"featured_media":0,"parent":0,"menu_order":0,"comment_status":"closed","ping_status":"closed","template":"","meta":{"footnotes":""},"class_list":["post-67","page","type-page","status-publish","hentry"],"yoast_head":"<!-- This site is optimized with the Yoast SEO plugin v28.4 - https:\/\/yoast.com\/product\/yoast-seo-wordpress\/ -->\n<title>Carmenlucia &amp; Vitor - Consulta Dire\u00e7\u00e3o FT<\/title>\n<meta name=\"robots\" content=\"index, follow, max-snippet:-1, max-image-preview:large, max-video-preview:-1\" \/>\n<link rel=\"canonical\" href=\"https:\/\/wordpress.ft.unicamp.br\/consulta\/carmenlucia-vitor\/\" \/>\n<meta property=\"og:locale\" content=\"pt_BR\" \/>\n<meta property=\"og:type\" content=\"article\" \/>\n<meta property=\"og:title\" content=\"Carmenlucia &amp; Vitor - Consulta Dire\u00e7\u00e3o FT\" \/>\n<meta property=\"og:description\" content=\"Experi\u00eancia para avan\u00e7ar&#8230; Em 2029, a Faculdade de Tecnologia (FT) celebrar\u00e1 duas d\u00e9cadas de uma trajet\u00f3ria marcada por crescimento, inova\u00e7\u00e3o e excel\u00eancia acad\u00eamica. Desde a sua cria\u00e7\u00e3o, com a transforma\u00e7\u00e3o do Centro Superior de Educa\u00e7\u00e3o Tecnol\u00f3gica (CESET) em uma Unidade de Ensino, Pesquisa e Extens\u00e3o da Unicamp, a FT consolidou-se como uma institui\u00e7\u00e3o de refer\u00eancia,[...]\" \/>\n<meta property=\"og:url\" content=\"https:\/\/wordpress.ft.unicamp.br\/consulta\/carmenlucia-vitor\/\" \/>\n<meta property=\"og:site_name\" content=\"Consulta Dire\u00e7\u00e3o FT\" \/>\n<meta property=\"article:modified_time\" content=\"2026-08-26T19:26:27+00:00\" \/>\n<meta property=\"og:image\" content=\"https:\/\/wordpress.ft.unicamp.br\/consulta\/wp-content\/uploads\/sites\/98\/2026\/08\/image-2.png\" \/>\n\t<meta property=\"og:image:width\" content=\"1073\" \/>\n\t<meta property=\"og:image:height\" content=\"715\" \/>\n\t<meta property=\"og:image:type\" content=\"image\/png\" \/>\n<meta name=\"twitter:card\" content=\"summary_large_image\" \/>\n<meta name=\"twitter:label1\" content=\"Est. tempo de leitura\" \/>\n\t<meta name=\"twitter:data1\" content=\"9 minutos\" \/>\n<script type=\"application\/ld+json\" class=\"yoast-schema-graph\">{\"@context\":\"https:\\\/\\\/schema.org\",\"@graph\":[{\"@type\":\"WebPage\",\"@id\":\"https:\\\/\\\/wordpress.ft.unicamp.br\\\/consulta\\\/carmenlucia-vitor\\\/\",\"url\":\"https:\\\/\\\/wordpress.ft.unicamp.br\\\/consulta\\\/carmenlucia-vitor\\\/\",\"name\":\"Carmenlucia &amp; Vitor - Consulta Dire\u00e7\u00e3o FT\",\"isPartOf\":{\"@id\":\"https:\\\/\\\/wordpress.ft.unicamp.br\\\/consulta\\\/#website\"},\"primaryImageOfPage\":{\"@id\":\"https:\\\/\\\/wordpress.ft.unicamp.br\\\/consulta\\\/carmenlucia-vitor\\\/#primaryimage\"},\"image\":{\"@id\":\"https:\\\/\\\/wordpress.ft.unicamp.br\\\/consulta\\\/carmenlucia-vitor\\\/#primaryimage\"},\"thumbnailUrl\":\"https:\\\/\\\/wordpress.ft.unicamp.br\\\/consulta\\\/wp-content\\\/uploads\\\/sites\\\/98\\\/2026\\\/08\\\/image-2-1024x682.png\",\"datePublished\":\"2026-08-26T17:37:07+00:00\",\"dateModified\":\"2026-08-26T19:26:27+00:00\",\"breadcrumb\":{\"@id\":\"https:\\\/\\\/wordpress.ft.unicamp.br\\\/consulta\\\/carmenlucia-vitor\\\/#breadcrumb\"},\"inLanguage\":\"pt-BR\",\"potentialAction\":[{\"@type\":\"ReadAction\",\"target\":[\"https:\\\/\\\/wordpress.ft.unicamp.br\\\/consulta\\\/carmenlucia-vitor\\\/\"]}]},{\"@type\":\"ImageObject\",\"inLanguage\":\"pt-BR\",\"@id\":\"https:\\\/\\\/wordpress.ft.unicamp.br\\\/consulta\\\/carmenlucia-vitor\\\/#primaryimage\",\"url\":\"https:\\\/\\\/wordpress.ft.unicamp.br\\\/consulta\\\/wp-content\\\/uploads\\\/sites\\\/98\\\/2026\\\/08\\\/image-2.png\",\"contentUrl\":\"https:\\\/\\\/wordpress.ft.unicamp.br\\\/consulta\\\/wp-content\\\/uploads\\\/sites\\\/98\\\/2026\\\/08\\\/image-2.png\",\"width\":1073,\"height\":715},{\"@type\":\"BreadcrumbList\",\"@id\":\"https:\\\/\\\/wordpress.ft.unicamp.br\\\/consulta\\\/carmenlucia-vitor\\\/#breadcrumb\",\"itemListElement\":[{\"@type\":\"ListItem\",\"position\":1,\"name\":\"Home\",\"item\":\"https:\\\/\\\/wordpress.ft.unicamp.br\\\/consulta\\\/\"},{\"@type\":\"ListItem\",\"position\":2,\"name\":\"Carmenlucia &amp; Vitor\"}]},{\"@type\":\"WebSite\",\"@id\":\"https:\\\/\\\/wordpress.ft.unicamp.br\\\/consulta\\\/#website\",\"url\":\"https:\\\/\\\/wordpress.ft.unicamp.br\\\/consulta\\\/\",\"name\":\"Consulta Dire\u00e7\u00e3o FT\",\"description\":\"Consulta \u00e0 Comunidade para Indica\u00e7\u00e3o do Diretor da Faculdade de Tecnologia  Quadri\u00eanio 2027 a 2030\",\"publisher\":{\"@id\":\"https:\\\/\\\/wordpress.ft.unicamp.br\\\/consulta\\\/#organization\"},\"potentialAction\":[{\"@type\":\"SearchAction\",\"target\":{\"@type\":\"EntryPoint\",\"urlTemplate\":\"https:\\\/\\\/wordpress.ft.unicamp.br\\\/consulta\\\/?s={search_term_string}\"},\"query-input\":{\"@type\":\"PropertyValueSpecification\",\"valueRequired\":true,\"valueName\":\"search_term_string\"}}],\"inLanguage\":\"pt-BR\"},{\"@type\":\"Organization\",\"@id\":\"https:\\\/\\\/wordpress.ft.unicamp.br\\\/consulta\\\/#organization\",\"name\":\"Consulta Dire\u00e7\u00e3o FT\",\"url\":\"https:\\\/\\\/wordpress.ft.unicamp.br\\\/consulta\\\/\",\"logo\":{\"@type\":\"ImageObject\",\"inLanguage\":\"pt-BR\",\"@id\":\"https:\\\/\\\/wordpress.ft.unicamp.br\\\/consulta\\\/#\\\/schema\\\/logo\\\/image\\\/\",\"url\":\"https:\\\/\\\/wordpress.ft.unicamp.br\\\/consulta\\\/wp-content\\\/uploads\\\/sites\\\/98\\\/2026\\\/08\\\/af-logo-ft-principal-horizontal-principal.png\",\"contentUrl\":\"https:\\\/\\\/wordpress.ft.unicamp.br\\\/consulta\\\/wp-content\\\/uploads\\\/sites\\\/98\\\/2026\\\/08\\\/af-logo-ft-principal-horizontal-principal.png\",\"width\":1000,\"height\":229,\"caption\":\"Consulta Dire\u00e7\u00e3o FT\"},\"image\":{\"@id\":\"https:\\\/\\\/wordpress.ft.unicamp.br\\\/consulta\\\/#\\\/schema\\\/logo\\\/image\\\/\"}}]}<\/script>\n<!-- \/ Yoast SEO plugin. -->","yoast_head_json":{"title":"Carmenlucia &amp; Vitor - Consulta Dire\u00e7\u00e3o FT","robots":{"index":"index","follow":"follow","max-snippet":"max-snippet:-1","max-image-preview":"max-image-preview:large","max-video-preview":"max-video-preview:-1"},"canonical":"https:\/\/wordpress.ft.unicamp.br\/consulta\/carmenlucia-vitor\/","og_locale":"pt_BR","og_type":"article","og_title":"Carmenlucia &amp; Vitor - Consulta Dire\u00e7\u00e3o FT","og_description":"Experi\u00eancia para avan\u00e7ar&#8230; Em 2029, a Faculdade de Tecnologia (FT) celebrar\u00e1 duas d\u00e9cadas de uma trajet\u00f3ria marcada por crescimento, inova\u00e7\u00e3o e excel\u00eancia acad\u00eamica. Desde a sua cria\u00e7\u00e3o, com a transforma\u00e7\u00e3o do Centro Superior de Educa\u00e7\u00e3o Tecnol\u00f3gica (CESET) em uma Unidade de Ensino, Pesquisa e Extens\u00e3o da Unicamp, a FT consolidou-se como uma institui\u00e7\u00e3o de refer\u00eancia,[...]","og_url":"https:\/\/wordpress.ft.unicamp.br\/consulta\/carmenlucia-vitor\/","og_site_name":"Consulta Dire\u00e7\u00e3o FT","article_modified_time":"2026-08-26T19:26:27+00:00","og_image":[{"width":1073,"height":715,"url":"https:\/\/wordpress.ft.unicamp.br\/consulta\/wp-content\/uploads\/sites\/98\/2026\/08\/image-2.png","type":"image\/png"}],"twitter_card":"summary_large_image","twitter_misc":{"Est. tempo de leitura":"9 minutos"},"schema":{"@context":"https:\/\/schema.org","@graph":[{"@type":"WebPage","@id":"https:\/\/wordpress.ft.unicamp.br\/consulta\/carmenlucia-vitor\/","url":"https:\/\/wordpress.ft.unicamp.br\/consulta\/carmenlucia-vitor\/","name":"Carmenlucia &amp; Vitor - Consulta Dire\u00e7\u00e3o FT","isPartOf":{"@id":"https:\/\/wordpress.ft.unicamp.br\/consulta\/#website"},"primaryImageOfPage":{"@id":"https:\/\/wordpress.ft.unicamp.br\/consulta\/carmenlucia-vitor\/#primaryimage"},"image":{"@id":"https:\/\/wordpress.ft.unicamp.br\/consulta\/carmenlucia-vitor\/#primaryimage"},"thumbnailUrl":"https:\/\/wordpress.ft.unicamp.br\/consulta\/wp-content\/uploads\/sites\/98\/2026\/08\/image-2-1024x682.png","datePublished":"2026-08-26T17:37:07+00:00","dateModified":"2026-08-26T19:26:27+00:00","breadcrumb":{"@id":"https:\/\/wordpress.ft.unicamp.br\/consulta\/carmenlucia-vitor\/#breadcrumb"},"inLanguage":"pt-BR","potentialAction":[{"@type":"ReadAction","target":["https:\/\/wordpress.ft.unicamp.br\/consulta\/carmenlucia-vitor\/"]}]},{"@type":"ImageObject","inLanguage":"pt-BR","@id":"https:\/\/wordpress.ft.unicamp.br\/consulta\/carmenlucia-vitor\/#primaryimage","url":"https:\/\/wordpress.ft.unicamp.br\/consulta\/wp-content\/uploads\/sites\/98\/2026\/08\/image-2.png","contentUrl":"https:\/\/wordpress.ft.unicamp.br\/consulta\/wp-content\/uploads\/sites\/98\/2026\/08\/image-2.png","width":1073,"height":715},{"@type":"BreadcrumbList","@id":"https:\/\/wordpress.ft.unicamp.br\/consulta\/carmenlucia-vitor\/#breadcrumb","itemListElement":[{"@type":"ListItem","position":1,"name":"Home","item":"https:\/\/wordpress.ft.unicamp.br\/consulta\/"},{"@type":"ListItem","position":2,"name":"Carmenlucia &amp; Vitor"}]},{"@type":"WebSite","@id":"https:\/\/wordpress.ft.unicamp.br\/consulta\/#website","url":"https:\/\/wordpress.ft.unicamp.br\/consulta\/","name":"Consulta Dire\u00e7\u00e3o FT","description":"Consulta \u00e0 Comunidade para Indica\u00e7\u00e3o do Diretor da Faculdade de Tecnologia  Quadri\u00eanio 2027 a 2030","publisher":{"@id":"https:\/\/wordpress.ft.unicamp.br\/consulta\/#organization"},"potentialAction":[{"@type":"SearchAction","target":{"@type":"EntryPoint","urlTemplate":"https:\/\/wordpress.ft.unicamp.br\/consulta\/?s={search_term_string}"},"query-input":{"@type":"PropertyValueSpecification","valueRequired":true,"valueName":"search_term_string"}}],"inLanguage":"pt-BR"},{"@type":"Organization","@id":"https:\/\/wordpress.ft.unicamp.br\/consulta\/#organization","name":"Consulta Dire\u00e7\u00e3o FT","url":"https:\/\/wordpress.ft.unicamp.br\/consulta\/","logo":{"@type":"ImageObject","inLanguage":"pt-BR","@id":"https:\/\/wordpress.ft.unicamp.br\/consulta\/#\/schema\/logo\/image\/","url":"https:\/\/wordpress.ft.unicamp.br\/consulta\/wp-content\/uploads\/sites\/98\/2026\/08\/af-logo-ft-principal-horizontal-principal.png","contentUrl":"https:\/\/wordpress.ft.unicamp.br\/consulta\/wp-content\/uploads\/sites\/98\/2026\/08\/af-logo-ft-principal-horizontal-principal.png","width":1000,"height":229,"caption":"Consulta Dire\u00e7\u00e3o FT"},"image":{"@id":"https:\/\/wordpress.ft.unicamp.br\/consulta\/#\/schema\/logo\/image\/"}}]}},"_links":{"self":[{"href":"https:\/\/wordpress.ft.unicamp.br\/consulta\/wp-json\/wp\/v2\/pages\/67","targetHints":{"allow":["GET"]}}],"collection":[{"href":"https:\/\/wordpress.ft.unicamp.br\/consulta\/wp-json\/wp\/v2\/pages"}],"about":[{"href":"https:\/\/wordpress.ft.unicamp.br\/consulta\/wp-json\/wp\/v2\/types\/page"}],"author":[{"embeddable":true,"href":"https:\/\/wordpress.ft.unicamp.br\/consulta\/wp-json\/wp\/v2\/users\/2"}],"replies":[{"embeddable":true,"href":"https:\/\/wordpress.ft.unicamp.br\/consulta\/wp-json\/wp\/v2\/comments?post=67"}],"version-history":[{"count":7,"href":"https:\/\/wordpress.ft.unicamp.br\/consulta\/wp-json\/wp\/v2\/pages\/67\/revisions"}],"predecessor-version":[{"id":105,"href":"https:\/\/wordpress.ft.unicamp.br\/consulta\/wp-json\/wp\/v2\/pages\/67\/revisions\/105"}],"wp:attachment":[{"href":"https:\/\/wordpress.ft.unicamp.br\/consulta\/wp-json\/wp\/v2\/media?parent=67"}],"curies":[{"name":"wp","href":"https:\/\/api.w.org\/{rel}","templated":true}]}}